{"id":2567,"date":"2022-09-01T11:27:24","date_gmt":"2022-09-01T10:27:24","guid":{"rendered":"https:\/\/www.cervejariatrindade.pt\/historia\/"},"modified":"2023-11-20T12:07:52","modified_gmt":"2023-11-20T12:07:52","slug":"historia","status":"publish","type":"page","link":"https:\/\/www.cervejariatrindade.pt\/es\/historia\/","title":{"rendered":"HISTORIA"},"content":{"rendered":"<div class=\"wpb-content-wrapper\"><p>[vc_row full_height=\u00bbyes\u00bb css=\u00bb.vc_custom_1662636564238{background-image: url(https:\/\/www.cervejariatrindade.pt\/wp-content\/uploads\/2022\/09\/Sala-Keil-Anos-40-2-1.jpg?id=163) !important;background-position: center !important;background-repeat: no-repeat !important;background-size: cover !important;}\u00bb el_id=\u00bbhero\u00bb el_class=\u00bbseccao-normal\u00bb][vc_column width=\u00bb1\/4&#8243;][\/vc_column][vc_column width=\u00bb1\/2&#8243;][vc_column_text el_class=\u00bbwhite\u00bb]<\/p>\n<h1 style=\"text-align: center;\">PASADO,<br \/>\nHISTORIA<br \/>\nY GLORIA.<\/h1>\n<p>[\/vc_column_text][vc_column_text el_class=\u00bbwhite\u00bb]<\/p>\n<h3 style=\"text-align: center;\">Trindade es considerada la cervecer\u00eda m\u00e1s antigua y bella de Portugal.<br \/>\nSituada en un espacio de ocho siglos de antig\u00fcedad, el Convento de la Sant\u00edsima Trinidad de los Frailes Trinitarios de la Redenci\u00f3n de los Cautivos, llamados as\u00ed porque rescataban a los prisioneros cristianos de los moros.<\/h3>\n<p>[\/vc_column_text][vc_column_text el_class=\u00bbscroll-down\u00bb]<\/p>\n<p style=\"text-align: center;\"><a href=\"#historia\">DESPLAZAR<\/a><\/p>\n<p>[\/vc_column_text][\/vc_column][vc_column width=\u00bb1\/4&#8243;][\/vc_column][\/vc_row][vc_row content_placement=\u00bbmiddle\u00bb el_class=\u00bbseccao-normal historia\u00bb el_id=\u00bbhistoria\u00bb][vc_column width=\u00bb1\/2&#8243;][vc_single_image image=\u00bb64&#8243; img_size=\u00bbfull\u00bb alignment=\u00bbcenter\u00bb el_class=\u00bbrounded-corners\u00bb][\/vc_column][vc_column width=\u00bb1\/2&#8243;][vc_column_text]<\/p>\n<h2 style=\"text-align: left;\">Trindade,<br \/>\nllena de historias<br \/>\nque contar.<\/h2>\n<p>[\/vc_column_text][vc_column_text]El convento se fund\u00f3 a finales del siglo XIII, en 1294, y tambi\u00e9n es un s\u00edmbolo de resiliencia. En 1704 fue destruido por un incendio, en 1755 por el terremoto que devast\u00f3 Lisboa y en 1756 por otro incendio. Acab\u00f3 desapareciendo en 1834 con la extinci\u00f3n de las \u00d3rdenes Religiosas en Portugal.<\/p>\n<p>Tras ser desmantelado, el edificio del Convento de la Sant\u00edsima Trinidad fue comprado en 1835 por Manuel Moreira Garcia, industrial de origen gallego que instal\u00f3 en la iglesia, claustro y comedor del antiguo convento la F\u00e1brica de Cerveza de la Trinidad y, al a\u00f1o siguiente, la Cervecer\u00eda Trindade.[\/vc_column_text][\/vc_column][\/vc_row][vc_row content_placement=\u00bbmiddle\u00bb el_class=\u00bbseccao-normal historia\u00bb][vc_column width=\u00bb1\/2&#8243;][vc_single_image image=\u00bb63&#8243; img_size=\u00bbfull\u00bb alignment=\u00bbcenter\u00bb el_class=\u00bbrounded-corners\u00bb][\/vc_column][vc_column width=\u00bb1\/2&#8243;][vc_column_text]<\/p>\n<h2 style=\"text-align: left;\">Trindade<br \/>\nANTIGUA, NUEVA<br \/>\nY MODERNISTA.<\/h2>\n<p>[\/vc_column_text][vc_column_text]Manuel Moreira Garcia remodel\u00f3 el espacio y aprovech\u00f3 el revestimiento de azulejos del antiguo Convento da Trindade.<\/p>\n<p>En 1863, Manuel Moreira Garcia encarg\u00f3 paneles de azulejos a Lu\u00eds Ferreira, director art\u00edstico de la F\u00e1brica de Cer\u00e1mica Vi\u00fava Lamego, quien, respetando el gusto exc\u00e9ntrico del propietario, pint\u00f3 paneles aleg\u00f3ricos que representaban los cuatro elementos y las cuatro estaciones (el invierno fue destruido en el siglo XIX para la reapertura de una antigua puerta de comunicaci\u00f3n con el Claustro). Las paredes est\u00e1n decoradas con paneles de mosaico de piedra del siglo XX de la artista pl\u00e1stica Maria Keil, inspirados en la calzada portuguesa.[\/vc_column_text][\/vc_column][\/vc_row][vc_row content_placement=\u00bbmiddle\u00bb el_class=\u00bbseccao-normal historia\u00bb][vc_column width=\u00bb1\/2&#8243;][vc_single_image image=\u00bb62&#8243; img_size=\u00bbfull\u00bb alignment=\u00bbcenter\u00bb el_class=\u00bbrounded-corners\u00bb][\/vc_column][vc_column width=\u00bb1\/2&#8243;][vc_column_text]<\/p>\n<h2 style=\"text-align: left;\">TRINDADE DE AQU\u00cd,<br \/>\nDE ALL\u00c1 Y DE LOS QUE<br \/>\nPASAN POR AQU\u00cd.<\/h2>\n<p>[\/vc_column_text][vc_column_text]En 1934, la sociedad Central de Cervejas compr\u00f3 la F\u00e1brica y la Cervecer\u00eda Trindade. Siempre fue ecl\u00e9ctica y democr\u00e1tica, punto de paso obligatorio de periodistas, actores, m\u00fasicos, personajes de la noche lisboeta, pol\u00edticos y activistas. Con motivo de su 150 aniversario, en 1986, el Ayuntamiento de Lisboa decidi\u00f3 incluirlo en el Patrimonio Cultural de la Ciudad. En 1997, la Direcci\u00f3n General de Turismo declar\u00f3 el inmueble donde se encuentra la Cervecer\u00eda Trindade Patrimonio Cultural de la ciudad de Lisboa, con un importante valor hist\u00f3rico y cultural. A finales de 2007, la Cervecer\u00eda Trindade fue adquirida por el Grupo Portug\u00e1lia Restaura\u00e7\u00e3o.[\/vc_column_text][\/vc_column][\/vc_row][vc_row content_placement=\u00bbtop\u00bb el_id=\u00bbtimeline-title\u00bb][vc_column width=\u00bb1\/2&#8243;][vc_column_text]<\/p>\n<h2>CRONOLOG\u00cdA<\/h2>\n<p>[\/vc_column_text][\/vc_column][vc_column width=\u00bb1\/2&#8243;][vc_single_image image=\u00bb124&#8243; img_size=\u00bbfull\u00bb alignment=\u00bbright\u00bb el_class=\u00bbscroll-right\u00bb][\/vc_column][\/vc_row][vc_row content_placement=\u00bbtop\u00bb el_id=\u00bbtimeline\u00bb][vc_column][vc_row_inner el_class=\u00bboverflow-x\u00bb][vc_column_inner][vc_column_text el_class=\u00bbitem-timeline\u00bb]<strong>1294<\/strong><\/p>\n<p><img loading=\"lazy\" decoding=\"async\" class=\"alignnone size-medium wp-image-1724\" src=\"https:\/\/www.cervejariatrindade.pt\/wp-content\/uploads\/2022\/09\/1294-300x213.jpg\" alt=\"\" width=\"300\" height=\"213\" srcset=\"https:\/\/www.cervejariatrindade.pt\/wp-content\/uploads\/2022\/09\/1294-300x213.jpg 300w, https:\/\/www.cervejariatrindade.pt\/wp-content\/uploads\/2022\/09\/1294.jpg 319w\" sizes=\"auto, (max-width: 300px) 100vw, 300px\" \/><\/p>\n<p>Un viaje que comienza en 1294.<br \/>\nFundaci\u00f3n de uno de los mayores y m\u00e1s importantes conventos de Lisboa, el de la Sant\u00edsima Trinidad, por Fray Martim Anes, Fray Est\u00eav\u00e3o de Santar\u00e9m y Fray Jo\u00e3o Franco. Sus monjes se llamaban los Frailes Trinitarios de la Redenci\u00f3n de los Cautivos, porque su vocaci\u00f3n era rescatar a los prisioneros de los moros.[\/vc_column_text][vc_column_text el_class=\u00bbitem-timeline\u00bb]<strong>1325<\/strong><\/p>\n<p><img loading=\"lazy\" decoding=\"async\" class=\"alignnone size-medium wp-image-1728\" src=\"https:\/\/www.cervejariatrindade.pt\/wp-content\/uploads\/2022\/09\/1325-300x213.jpg\" alt=\"\" width=\"300\" height=\"213\" srcset=\"https:\/\/www.cervejariatrindade.pt\/wp-content\/uploads\/2022\/09\/1325-300x213.jpg 300w, https:\/\/www.cervejariatrindade.pt\/wp-content\/uploads\/2022\/09\/1325.jpg 319w\" sizes=\"auto, (max-width: 300px) 100vw, 300px\" \/><\/p>\n<p>La Reina Santa Isabel, casada con el Rey D. Dinis, inaugur\u00f3 con gran pompa el nuevo edificio del Convento de la Sant\u00edsima Trinidad, para cuya construcci\u00f3n hizo grandes contribuciones.[\/vc_column_text][vc_column_text el_class=\u00bbitem-timeline\u00bb]<strong>1498<\/strong><\/p>\n<p><img loading=\"lazy\" decoding=\"async\" class=\"alignnone size-medium wp-image-1732\" src=\"https:\/\/www.cervejariatrindade.pt\/wp-content\/uploads\/2022\/09\/1498_01-300x213.jpg\" alt=\"\" width=\"300\" height=\"213\" srcset=\"https:\/\/www.cervejariatrindade.pt\/wp-content\/uploads\/2022\/09\/1498_01-300x213.jpg 300w, https:\/\/www.cervejariatrindade.pt\/wp-content\/uploads\/2022\/09\/1498_01.jpg 319w\" sizes=\"auto, (max-width: 300px) 100vw, 300px\" \/><\/p>\n<p>Fray Miguel Contreiras, monje del Convento de la Trinidad y confesor de la Reina Leonor de Lencastre, esposa del Rey Jo\u00e3o II, funda con apoyo real la Santa Casa de Misericordia de Lisboa.[\/vc_column_text][vc_column_text el_class=\u00bbitem-timeline\u00bb el_id=\u00bbdois\u00bb]<strong>1542<\/strong><\/p>\n<p><img loading=\"lazy\" decoding=\"async\" class=\"alignnone size-medium wp-image-1736\" src=\"https:\/\/www.cervejariatrindade.pt\/wp-content\/uploads\/2022\/09\/1542-300x213.jpg\" alt=\"\" width=\"300\" height=\"213\" srcset=\"https:\/\/www.cervejariatrindade.pt\/wp-content\/uploads\/2022\/09\/1542-300x213.jpg 300w, https:\/\/www.cervejariatrindade.pt\/wp-content\/uploads\/2022\/09\/1542.jpg 319w\" sizes=\"auto, (max-width: 300px) 100vw, 300px\" \/><\/p>\n<p>El Viernes Santo, en una capilla del Convento de la Trinidad que m\u00e1s tarde fue la peque\u00f1a iglesia de las Chagas, Luis de Cam\u00f5es vio por primera vez a D.\u00aa Catarina de Ata\u00edde, de la que se enamor\u00f3 perdidamente y que cantaba en sus poemas.[\/vc_column_text][vc_column_text el_class=\u00bbitem-timeline\u00bb]<strong>1708<\/strong><\/p>\n<p><img loading=\"lazy\" decoding=\"async\" class=\"alignnone size-medium wp-image-1740\" src=\"https:\/\/www.cervejariatrindade.pt\/wp-content\/uploads\/2022\/09\/1708-300x213.jpg\" alt=\"\" width=\"300\" height=\"213\" srcset=\"https:\/\/www.cervejariatrindade.pt\/wp-content\/uploads\/2022\/09\/1708-300x213.jpg 300w, https:\/\/www.cervejariatrindade.pt\/wp-content\/uploads\/2022\/09\/1708.jpg 319w\" sizes=\"auto, (max-width: 300px) 100vw, 300px\" \/><\/p>\n<p>Destrucci\u00f3n del convento por un violento incendio.[\/vc_column_text][vc_column_text el_class=\u00bbitem-timeline\u00bb]<strong>1755<\/strong><\/p>\n<p><img loading=\"lazy\" decoding=\"async\" class=\"alignnone size-medium wp-image-1744\" src=\"https:\/\/www.cervejariatrindade.pt\/wp-content\/uploads\/2022\/09\/1755-300x213.jpg\" alt=\"\" width=\"300\" height=\"213\" srcset=\"https:\/\/www.cervejariatrindade.pt\/wp-content\/uploads\/2022\/09\/1755-300x213.jpg 300w, https:\/\/www.cervejariatrindade.pt\/wp-content\/uploads\/2022\/09\/1755.jpg 319w\" sizes=\"auto, (max-width: 300px) 100vw, 300px\" \/><\/p>\n<p>Nueva destrucci\u00f3n, pr\u00e1cticamente total, por el terrible terremoto de Lisboa que golpe\u00f3 duramente esta colina de la ciudad. Este suceso dio lugar a la expresi\u00f3n popular portuguesa \u00abCaiu o Carmo e a Trindade\u00bb (Han ca\u00eddo el Carmo y la Trindade), en referencia al derrumbe de los dos conventos con ese nombre, para describir una gran tragedia.[\/vc_column_text][vc_column_text el_class=\u00bbitem-timeline\u00bb]<strong>1766<\/strong><\/p>\n<p><img loading=\"lazy\" decoding=\"async\" class=\"alignnone size-medium wp-image-1748\" src=\"https:\/\/www.cervejariatrindade.pt\/wp-content\/uploads\/2022\/09\/1766-300x213.jpg\" alt=\"\" width=\"300\" height=\"213\" srcset=\"https:\/\/www.cervejariatrindade.pt\/wp-content\/uploads\/2022\/09\/1766-300x213.jpg 300w, https:\/\/www.cervejariatrindade.pt\/wp-content\/uploads\/2022\/09\/1766.jpg 319w\" sizes=\"auto, (max-width: 300px) 100vw, 300px\" \/><\/p>\n<p>Destrucci\u00f3n parcial del edificio por un nuevo incendio, poco despu\u00e9s de la reconstrucci\u00f3n tras el terremoto, y 13 d\u00edas despu\u00e9s de la reapertura. Solo se salvaron la iglesia, el comedor y la biblioteca. Nueva reconstrucci\u00f3n.[\/vc_column_text][vc_column_text el_class=\u00bbitem-timeline\u00bb]<strong>1834<\/strong><\/p>\n<p><img loading=\"lazy\" decoding=\"async\" class=\"alignnone size-medium wp-image-1752\" src=\"https:\/\/www.cervejariatrindade.pt\/wp-content\/uploads\/2022\/09\/1834-300x213.jpg\" alt=\"\" width=\"300\" height=\"213\" srcset=\"https:\/\/www.cervejariatrindade.pt\/wp-content\/uploads\/2022\/09\/1834-300x213.jpg 300w, https:\/\/www.cervejariatrindade.pt\/wp-content\/uploads\/2022\/09\/1834.jpg 319w\" sizes=\"auto, (max-width: 300px) 100vw, 300px\" \/><\/p>\n<p>&#8230; &#8230;[\/vc_column_text][vc_column_text el_class=\u00bbitem-timeline\u00bb]<strong>1836<\/strong><\/p>\n<p><img loading=\"lazy\" decoding=\"async\" class=\"alignnone size-medium wp-image-1756\" src=\"https:\/\/www.cervejariatrindade.pt\/wp-content\/uploads\/2022\/09\/1836_old-300x213.jpg\" alt=\"\" width=\"300\" height=\"213\" srcset=\"https:\/\/www.cervejariatrindade.pt\/wp-content\/uploads\/2022\/09\/1836_old-300x213.jpg 300w, https:\/\/www.cervejariatrindade.pt\/wp-content\/uploads\/2022\/09\/1836_old.jpg 319w\" sizes=\"auto, (max-width: 300px) 100vw, 300px\" \/><\/p>\n<p>Arrendamiento de dos lotes de terreno y de las ruinas que all\u00ed se encontraban, por Manuel Moreira Garcia. Aqu\u00ed construy\u00f3 el edificio donde instal\u00f3 la F\u00e1brica de Cerveza de la Trindade, aprovechando los muros restantes del convento y decorando todas las fachadas exteriores con azulejos procedentes de la demolici\u00f3n del convento. En un lote de al lado construy\u00f3 su casa, que a\u00fan hoy existe.[\/vc_column_text][vc_column_text el_class=\u00bbitem-timeline\u00bb]<strong>1840<\/strong><\/p>\n<p><img loading=\"lazy\" decoding=\"async\" class=\"alignnone size-medium wp-image-1760\" src=\"https:\/\/www.cervejariatrindade.pt\/wp-content\/uploads\/2022\/09\/1840-300x213.jpg\" alt=\"\" width=\"300\" height=\"213\" srcset=\"https:\/\/www.cervejariatrindade.pt\/wp-content\/uploads\/2022\/09\/1840-300x213.jpg 300w, https:\/\/www.cervejariatrindade.pt\/wp-content\/uploads\/2022\/09\/1840.jpg 319w\" sizes=\"auto, (max-width: 300px) 100vw, 300px\" \/><\/p>\n<p>Apertura del mostrador de venta directa de cerveza al p\u00fablico en la Cervecer\u00eda Trindade, instalado en la primera sala de lo que quedaba del comedor de los Frailes Trinitarios.[\/vc_column_text][vc_column_text el_class=\u00bbitem-timeline\u00bb]<strong>1854<\/strong><\/p>\n<p><img loading=\"lazy\" decoding=\"async\" class=\"alignnone size-medium wp-image-1764\" src=\"https:\/\/www.cervejariatrindade.pt\/wp-content\/uploads\/2022\/09\/1854-300x213.jpg\" alt=\"\" width=\"300\" height=\"213\" srcset=\"https:\/\/www.cervejariatrindade.pt\/wp-content\/uploads\/2022\/09\/1854-300x213.jpg 300w, https:\/\/www.cervejariatrindade.pt\/wp-content\/uploads\/2022\/09\/1854.jpg 319w\" sizes=\"auto, (max-width: 300px) 100vw, 300px\" \/><\/p>\n<p>El 15 de febrero, Su Majestad Fernando de Sajonia-Coburgo-Gotha, regente en nombre del Rey Pedro V, su hijo, firm\u00f3 una licencia \u00abconcediendo a Manuel Moreira Garcia el honor de ser el proveedor de cerveza de Su Casa Real, pudiendo con este t\u00edtulo colocar las Armas Reales en el frontispicio de su establecimiento, la F\u00e1brica de Cerveza de la Trindade\u00bb.[\/vc_column_text][vc_column_text el_class=\u00bbitem-timeline\u00bb]<strong>1863<\/strong><\/p>\n<p><img loading=\"lazy\" decoding=\"async\" class=\"alignnone size-medium wp-image-1768\" src=\"https:\/\/www.cervejariatrindade.pt\/wp-content\/uploads\/2022\/09\/1863-300x213.jpg\" alt=\"\" width=\"300\" height=\"213\" srcset=\"https:\/\/www.cervejariatrindade.pt\/wp-content\/uploads\/2022\/09\/1863-300x213.jpg 300w, https:\/\/www.cervejariatrindade.pt\/wp-content\/uploads\/2022\/09\/1863.jpg 319w\" sizes=\"auto, (max-width: 300px) 100vw, 300px\" \/><\/p>\n<p>Revestimiento de las paredes del antiguo comedor de los Frailes Trinitarios con azulejos pintados por Lu\u00eds Ferreira, el \u00abFerreira das Tabuletas\u00bb, con motivos de inspiraci\u00f3n mas\u00f3nica. El establecimiento se ampli\u00f3 m\u00e1s tarde a la sala contigua, que Ferreira decor\u00f3 con bellos paneles de los cuatro elementos y las estaciones, mientras que el pintor Vale revest\u00eda los techos y los arcos con motivos her\u00e1ldicos.[\/vc_column_text][vc_column_text el_class=\u00bbitem-timeline\u00bb]<strong>1876 \/ 1920<\/strong><\/p>\n<p><img loading=\"lazy\" decoding=\"async\" class=\"alignnone size-medium wp-image-1772\" src=\"https:\/\/www.cervejariatrindade.pt\/wp-content\/uploads\/2022\/09\/1876-300x213.jpg\" alt=\"\" width=\"300\" height=\"213\" srcset=\"https:\/\/www.cervejariatrindade.pt\/wp-content\/uploads\/2022\/09\/1876-300x213.jpg 300w, https:\/\/www.cervejariatrindade.pt\/wp-content\/uploads\/2022\/09\/1876.jpg 319w\" sizes=\"auto, (max-width: 300px) 100vw, 300px\" \/><\/p>\n<p>Domingos Moreira Garcia sucede a su padre. \u00c9l y sus herederos dirigen la F\u00e1brica de Cerveza de la Trindade desde hace 44 a\u00f1os.[\/vc_column_text][vc_column_text el_class=\u00bbitem-timeline\u00bb]<strong>1920 \/ 1932<\/strong><\/p>\n<p><img loading=\"lazy\" decoding=\"async\" class=\"alignnone size-medium wp-image-1776\" src=\"https:\/\/www.cervejariatrindade.pt\/wp-content\/uploads\/2022\/09\/1920_old-300x213.jpg\" alt=\"\" width=\"300\" height=\"213\" srcset=\"https:\/\/www.cervejariatrindade.pt\/wp-content\/uploads\/2022\/09\/1920_old-300x213.jpg 300w, https:\/\/www.cervejariatrindade.pt\/wp-content\/uploads\/2022\/09\/1920_old.jpg 319w\" sizes=\"auto, (max-width: 300px) 100vw, 300px\" \/><\/p>\n<p>Tras la muerte de Domingos Garcia, los principales empleados de la F\u00e1brica y de la Cervecer\u00eda crearon una sociedad para explotar el negocio con el apoyo del capitalista Jos\u00e9 Rovisco Pais, que acab\u00f3 convirti\u00e9ndose en su \u00fanico propietario. En 1932, tras la muerte de Rovisco Pais, que dej\u00f3 en herencia todos sus bienes a organizaciones ben\u00e9ficas, la F\u00e1brica de la Trindade se puso en subasta p\u00fablica.[\/vc_column_text][vc_column_text el_class=\u00bbitem-timeline\u00bb]<strong>1934<\/strong><\/p>\n<p><img loading=\"lazy\" decoding=\"async\" class=\"alignnone size-medium wp-image-1780\" src=\"https:\/\/www.cervejariatrindade.pt\/wp-content\/uploads\/2022\/09\/1934-300x213.jpg\" alt=\"\" width=\"300\" height=\"213\" srcset=\"https:\/\/www.cervejariatrindade.pt\/wp-content\/uploads\/2022\/09\/1934-300x213.jpg 300w, https:\/\/www.cervejariatrindade.pt\/wp-content\/uploads\/2022\/09\/1934.jpg 319w\" sizes=\"auto, (max-width: 300px) 100vw, 300px\" \/><\/p>\n<p>Un siglo despu\u00e9s de su fundaci\u00f3n, la F\u00e1brica y la Cervejaria de la Trindade pasan a ser propiedad de un consorcio cervecero. Al a\u00f1o siguiente, la F\u00e1brica cerr\u00f3 su actividad, y la explotaci\u00f3n de la Cervecer\u00eda pas\u00f3 a manos de la Sociedad Central de Cervejas, que en aquel momento inclu\u00eda la antigua F\u00e1brica de Cervezas Portug\u00e1lia.[\/vc_column_text][vc_column_text el_class=\u00bbitem-timeline\u00bb]<strong>1946 \/ 1948<\/strong><\/p>\n<p><img loading=\"lazy\" decoding=\"async\" class=\"alignnone size-medium wp-image-1784\" src=\"https:\/\/www.cervejariatrindade.pt\/wp-content\/uploads\/2022\/09\/1946-300x213.jpg\" alt=\"\" width=\"300\" height=\"213\" srcset=\"https:\/\/www.cervejariatrindade.pt\/wp-content\/uploads\/2022\/09\/1946-300x213.jpg 300w, https:\/\/www.cervejariatrindade.pt\/wp-content\/uploads\/2022\/09\/1946.jpg 319w\" sizes=\"auto, (max-width: 300px) 100vw, 300px\" \/><\/p>\n<p>Obras de ampliaci\u00f3n y mejora de la Cervecer\u00eda Trindade. Se crea el nuevo sal\u00f3n en el espacio que antes ocupaba la iglesia del convento y, posteriormente, la f\u00e1brica de cerveza. Se construye la peque\u00f1a sala adjunta en la galer\u00eda del antiguo claustro. Las paredes de ambas habitaciones est\u00e1n decoradas por Maria Keil con paneles modernistas de mosaico de piedra inspirados en las calzadas de Lisboa.[\/vc_column_text][vc_column_text el_class=\u00bbitem-timeline\u00bb]<strong>1959<\/strong><\/p>\n<p><img loading=\"lazy\" decoding=\"async\" class=\"alignnone size-medium wp-image-1788\" src=\"https:\/\/www.cervejariatrindade.pt\/wp-content\/uploads\/2022\/09\/1959_01-300x213.jpg\" alt=\"\" width=\"300\" height=\"213\" srcset=\"https:\/\/www.cervejariatrindade.pt\/wp-content\/uploads\/2022\/09\/1959_01-300x213.jpg 300w, https:\/\/www.cervejariatrindade.pt\/wp-content\/uploads\/2022\/09\/1959_01.jpg 319w\" sizes=\"auto, (max-width: 300px) 100vw, 300px\" \/><\/p>\n<p>Adaptaci\u00f3n de una parte de la Cervecer\u00eda en un restaurante t\u00edpico de calidad, el Restaurante Folclore, que sigui\u00f3 funcionando de forma independiente hasta 1972.[\/vc_column_text][vc_column_text el_class=\u00bbitem-timeline\u00bb]<strong>1974<\/strong><\/p>\n<p><img loading=\"lazy\" decoding=\"async\" class=\"alignnone size-medium wp-image-1792\" src=\"https:\/\/www.cervejariatrindade.pt\/wp-content\/uploads\/2022\/09\/1974-300x213.jpg\" alt=\"\" width=\"300\" height=\"213\" srcset=\"https:\/\/www.cervejariatrindade.pt\/wp-content\/uploads\/2022\/09\/1974-300x213.jpg 300w, https:\/\/www.cervejariatrindade.pt\/wp-content\/uploads\/2022\/09\/1974.jpg 319w\" sizes=\"auto, (max-width: 300px) 100vw, 300px\" \/><\/p>\n<p>Restablecimiento de la conexi\u00f3n de las diversas salas, tras el cierre del Restaurante Folclore, devolviendo a la Cervecer\u00eda la configuraci\u00f3n que ten\u00eda cuando se realizaron las grandes obras en los a\u00f1os 40.[\/vc_column_text][vc_column_text el_class=\u00bbitem-timeline\u00bb]<strong>1986<\/strong><\/p>\n<p><img loading=\"lazy\" decoding=\"async\" class=\"alignnone size-medium wp-image-1796\" src=\"https:\/\/www.cervejariatrindade.pt\/wp-content\/uploads\/2022\/09\/1986-300x213.jpg\" alt=\"\" width=\"300\" height=\"213\" srcset=\"https:\/\/www.cervejariatrindade.pt\/wp-content\/uploads\/2022\/09\/1986-300x213.jpg 300w, https:\/\/www.cervejariatrindade.pt\/wp-content\/uploads\/2022\/09\/1986.jpg 319w\" sizes=\"auto, (max-width: 300px) 100vw, 300px\" \/><\/p>\n<p>La Cervecer\u00eda Trindade celebr\u00f3 150 a\u00f1os de actividad, a\u00f1o en que el Ayuntamiento de Lisboa decidi\u00f3 tambi\u00e9n incluirla en el Patrimonio Cultural de la Ciudad.[\/vc_column_text][vc_column_text el_class=\u00bbitem-timeline\u00bb]<strong>1987<\/strong><\/p>\n<p><img loading=\"lazy\" decoding=\"async\" class=\"alignnone size-medium wp-image-1800\" src=\"https:\/\/www.cervejariatrindade.pt\/wp-content\/uploads\/2022\/09\/1987_old-300x213.jpg\" alt=\"\" width=\"300\" height=\"213\" srcset=\"https:\/\/www.cervejariatrindade.pt\/wp-content\/uploads\/2022\/09\/1987_old-300x213.jpg 300w, https:\/\/www.cervejariatrindade.pt\/wp-content\/uploads\/2022\/09\/1987_old.jpg 319w\" sizes=\"auto, (max-width: 300px) 100vw, 300px\" \/><\/p>\n<p>La Secretar\u00eda de Estado de Turismo ha concedido a la Cervecer\u00eda Trindade la Medalla de Plata al M\u00e9rito Tur\u00edstico por sus destacados servicios al turismo portugu\u00e9s.[\/vc_column_text][vc_column_text el_class=\u00bbitem-timeline\u00bb]<strong>1997<\/strong><\/p>\n<p><img loading=\"lazy\" decoding=\"async\" class=\"alignnone size-medium wp-image-1804\" src=\"https:\/\/www.cervejariatrindade.pt\/wp-content\/uploads\/2022\/09\/1997-300x213.jpg\" alt=\"\" width=\"300\" height=\"213\" srcset=\"https:\/\/www.cervejariatrindade.pt\/wp-content\/uploads\/2022\/09\/1997-300x213.jpg 300w, https:\/\/www.cervejariatrindade.pt\/wp-content\/uploads\/2022\/09\/1997.jpg 319w\" sizes=\"auto, (max-width: 300px) 100vw, 300px\" \/><\/p>\n<p>Reconocimiento de la Cervecer\u00eda de la Trindade como \u00abPatrimonio de Relevante Valor Hist\u00f3rico y Cultural\u00bb por la Direcci\u00f3n General de Turismo.[\/vc_column_text][vc_column_text el_class=\u00bbitem-timeline\u00bb]<strong>1998<\/strong><\/p>\n<p><img loading=\"lazy\" decoding=\"async\" class=\"alignnone size-medium wp-image-1808\" src=\"https:\/\/www.cervejariatrindade.pt\/wp-content\/uploads\/2022\/09\/1998-300x213.jpg\" alt=\"\" width=\"300\" height=\"213\" srcset=\"https:\/\/www.cervejariatrindade.pt\/wp-content\/uploads\/2022\/09\/1998-300x213.jpg 300w, https:\/\/www.cervejariatrindade.pt\/wp-content\/uploads\/2022\/09\/1998.jpg 319w\" sizes=\"auto, (max-width: 300px) 100vw, 300px\" \/><\/p>\n<p>Limpieza y conservaci\u00f3n de los azulejos de Ferreira das Tabuletas y trabajos de decoraci\u00f3n de las dos salas revestidas de azulejos, en un intento de recuperar el estilo caracter\u00edstico de los caf\u00e9s y cervecer\u00edas de la primera mitad de este siglo, \u00e9poca en la que la Trindade se afirm\u00f3 decisivamente en la capital.[\/vc_column_text][vc_column_text el_class=\u00bbitem-timeline\u00bb]<strong>2007<\/strong><\/p>\n<p><img loading=\"lazy\" decoding=\"async\" class=\"alignnone size-medium wp-image-1812\" src=\"https:\/\/www.cervejariatrindade.pt\/wp-content\/uploads\/2022\/09\/2007-300x213.jpg\" alt=\"\" width=\"300\" height=\"213\" srcset=\"https:\/\/www.cervejariatrindade.pt\/wp-content\/uploads\/2022\/09\/2007-300x213.jpg 300w, https:\/\/www.cervejariatrindade.pt\/wp-content\/uploads\/2022\/09\/2007.jpg 319w\" sizes=\"auto, (max-width: 300px) 100vw, 300px\" \/><\/p>\n<p>La Cervecer\u00eda de la Trindade ha vuelto a ser propiedad del Grupo Portug\u00e1lia Restaura\u00e7\u00e3o.[\/vc_column_text][vc_column_text el_class=\u00bbitem-timeline\u00bb]<strong>2008<\/strong><\/p>\n<p><img loading=\"lazy\" decoding=\"async\" class=\"alignnone size-medium wp-image-1816\" src=\"https:\/\/www.cervejariatrindade.pt\/wp-content\/uploads\/2022\/09\/2008_01-300x213.jpg\" alt=\"\" width=\"300\" height=\"213\" srcset=\"https:\/\/www.cervejariatrindade.pt\/wp-content\/uploads\/2022\/09\/2008_01-300x213.jpg 300w, https:\/\/www.cervejariatrindade.pt\/wp-content\/uploads\/2022\/09\/2008_01.jpg 319w\" sizes=\"auto, (max-width: 300px) 100vw, 300px\" \/><\/p>\n<p>Reformulaci\u00f3n de la imagen de marca, el men\u00fa y la comunicaci\u00f3n de la Cervecer\u00eda Trindade.[\/vc_column_text][vc_column_text el_class=\u00bbitem-timeline\u00bb]<strong>2021<\/strong><\/p>\n<p>La Trindade cierra por obras de conservaci\u00f3n y remodelaci\u00f3n. Nueva decoraci\u00f3n interior.[\/vc_column_text][vc_column_text el_class=\u00bbitem-timeline\u00bb]<strong>2022<\/strong><\/p>\n<p>Nueva reformulaci\u00f3n de marca, pasa a llamarse solo Trindade. Tiene nuevos colores, un nuevo posicionamiento, un nuevo chef ejecutivo y men\u00fa, y una nueva divisi\u00f3n y decoraci\u00f3n.[\/vc_column_text][\/vc_column_inner][\/vc_row_inner][\/vc_column][\/vc_row][vc_row content_placement=\u00bbtop\u00bb el_id=\u00bbatrio\u00bb][vc_column width=\u00bb1\/2&#8243; el_class=\u00bbsala-gradient\u00bb][vc_column_text]<\/p>\n<h2>EL ATRIO<\/h2>\n<h3>Hoy en d\u00eda, el acceso principal a Trindade est\u00e1 integrado en lo que queda del antiguo convento. Decorada con paneles de inspiraci\u00f3n mas\u00f3nica de Lu\u00eds Ferreira, fue la \u00fanica sala para el p\u00fablico durante muchos a\u00f1os, ya que el resto del edificio se utilizaba como f\u00e1brica.<\/h3>\n<h3>Es en esta sala donde se concentran los principales paneles de inspiraci\u00f3n mas\u00f3nica de la Trindade. Debido a su rareza, y quiz\u00e1s incluso a su singularidad internacional, este conjunto de azulejos con simbolog\u00eda mas\u00f3nica se considera hoy patrimonio nacional.<\/h3>\n<p>[\/vc_column_text][\/vc_column][vc_column width=\u00bb1\/2&#8243; el_class=\u00bbsala-azul\u00bb][vc_row_inner content_placement=\u00bbmiddle\u00bb][vc_column_inner width=\u00bb1\/2&#8243;][vc_single_image image=\u00bb135&#8243; img_size=\u00bbfull\u00bb][\/vc_column_inner][vc_column_inner width=\u00bb1\/2&#8243;][vc_column_text]<\/p>\n<h4>El Venerable<\/h4>\n<p>El Venerable debe dirigir su Logia con Sabidur\u00eda, por eso est\u00e1 representado por el Tri\u00e1ngulo que contiene el ojo del Conocimiento. El tri\u00e1ngulo con los rayos del sol, tambi\u00e9n llamado delta llameante, es un s\u00edmbolo de un ser superior con sabidur\u00eda para dirigir.[\/vc_column_text][\/vc_column_inner][\/vc_row_inner][vc_row_inner content_placement=\u00bbmiddle\u00bb][vc_column_inner width=\u00bb1\/2&#8243;][vc_single_image image=\u00bb134&#8243; img_size=\u00bbfull\u00bb][\/vc_column_inner][vc_column_inner width=\u00bb1\/2&#8243;][vc_column_text]<\/p>\n<h4>El Secretario<\/h4>\n<p>El Secretario, cuyo lugar est\u00e1 en el oriente, es una de las Luces de la Logia y el quinto oficial en su jerarqu\u00eda. Le corresponde leer y redactar las actas de las sesiones, as\u00ed como leer la correspondencia dirigida a su Logia. Por lo tanto, se le representa redactando el acta o, seg\u00fan el ritual mas\u00f3nico, grabando una columna.[\/vc_column_text][\/vc_column_inner][\/vc_row_inner][vc_row_inner content_placement=\u00bbmiddle\u00bb][vc_column_inner width=\u00bb1\/2&#8243;][vc_single_image image=\u00bb138&#8243; img_size=\u00bbfull\u00bb][\/vc_column_inner][vc_column_inner width=\u00bb1\/2&#8243;][vc_column_text]<\/p>\n<h4>El Orador<\/h4>\n<p>La principal responsabilidad del Orador es controlar la aplicaci\u00f3n de la ley mas\u00f3nica. Su lugar est\u00e1 en el oriente. Se le representa con la paloma y la rama de olivo, s\u00edmbolos de paz y concordia que el Orador debe tener siempre presentes, junto con el cumplimiento de la ley y la justicia mas\u00f3nicas, representadas por la vara en su mano izquierda.[\/vc_column_text][\/vc_column_inner][\/vc_row_inner][vc_row_inner content_placement=\u00bbmiddle\u00bb][vc_column_inner width=\u00bb1\/2&#8243;][vc_single_image image=\u00bb137&#8243; img_size=\u00bbfull\u00bb][\/vc_column_inner][vc_column_inner width=\u00bb1\/2&#8243;][vc_column_text]<\/p>\n<h4>El Primer Vigilante<\/h4>\n<p>El Primer Vigilante, oficial de una Logia simb\u00f3lica, es el segundo en la jerarqu\u00eda de la Logia, despu\u00e9s del Venerable. Simboliza la Fuerza, por lo que a menudo se identifica con la figura de H\u00e9rcules.[\/vc_column_text][\/vc_column_inner][\/vc_row_inner][vc_row_inner content_placement=\u00bbmiddle\u00bb][vc_column_inner width=\u00bb1\/2&#8243;][vc_single_image image=\u00bb136&#8243; img_size=\u00bbfull\u00bb][\/vc_column_inner][vc_column_inner width=\u00bb1\/2&#8243;][vc_column_text]<\/p>\n<h4>El Segundo Vigilante<\/h4>\n<p>La Luna representa a la Columna de Aprendices y es el tercer oficial en la jerarqu\u00eda de la Logia, encargado de instruir y acompa\u00f1ar a los Aprendices. Simboliza la Belleza.[\/vc_column_text][\/vc_column_inner][\/vc_row_inner][\/vc_column][\/vc_row][vc_row content_placement=\u00bbtop\u00bb el_id=\u00bbCLAUSTRO\u00bb][vc_column width=\u00bb1\/2&#8243; el_class=\u00bbsala-cinzenta\u00bb][vc_column_text]<\/p>\n<h2>EL COMEDOR<\/h2>\n<h3>Antiguo comedor del Convento de la Trindade, aqu\u00ed funcionaba la F\u00e1brica de Cerveza de la Trindade. En 1836, como el Atrio era demasiado peque\u00f1o para acoger a todo el mundo, se ampli\u00f3 a esta sala, decorada con paneles de azulejos. En aquella \u00e9poca, el techo tambi\u00e9n fue decorado por el pintor Vale con frescos de colores oscuros que representaban motivos her\u00e1ldicos, obra que se perdi\u00f3 en remodelaciones posteriores.<\/h3>\n<h3>La presencia de figuras que ilustran las estaciones establece una relaci\u00f3n con los solsticios y equinoccios conmemorados por la masoner\u00eda. Las cuatro estaciones estaban representadas en el Comedor de la Trindade, pero el invierno desapareci\u00f3 cuando en el siglo XIX se reabri\u00f3 una antigua puerta que comunicaba con el Claustro.<\/h3>\n<p>[\/vc_column_text][\/vc_column][vc_column width=\u00bb1\/2&#8243; el_class=\u00bbsala-branca\u00bb][vc_row_inner content_placement=\u00bbmiddle\u00bb][vc_column_inner width=\u00bb1\/2&#8243;][vc_single_image image=\u00bb144&#8243; img_size=\u00bbfull\u00bb][\/vc_column_inner][vc_column_inner width=\u00bb1\/2&#8243;][vc_column_text]<\/p>\n<h4>Primavera<\/h4>\n<p>El 21 de marzo, equinoccio de primavera, representa el inicio del a\u00f1o mas\u00f3nico. Muchas Actas de Logias mas\u00f3nicas del siglo XIX est\u00e1n fechadas con el a\u00f1o que comienza en esta fecha.[\/vc_column_text][\/vc_column_inner][\/vc_row_inner][vc_row_inner content_placement=\u00bbmiddle\u00bb][vc_column_inner width=\u00bb1\/2&#8243;][vc_single_image image=\u00bb143&#8243; img_size=\u00bbfull\u00bb][\/vc_column_inner][vc_column_inner width=\u00bb1\/2&#8243;][vc_column_text]<\/p>\n<h4>Verano<\/h4>\n<p>El 21 de junio, solsticio de verano, la masoner\u00eda conmemora a su patr\u00f3n San Juan Bautista.[\/vc_column_text][\/vc_column_inner][\/vc_row_inner][vc_row_inner content_placement=\u00bbmiddle\u00bb][vc_column_inner width=\u00bb1\/2&#8243;][vc_single_image image=\u00bb142&#8243; img_size=\u00bbfull\u00bb][\/vc_column_inner][vc_column_inner width=\u00bb1\/2&#8243;][vc_column_text]<\/p>\n<h4>Oto\u00f1o<\/h4>\n<p>El 22 de septiembre, equinoccio de oto\u00f1o, marca el inicio de la segunda mitad del a\u00f1o mas\u00f3nico.[\/vc_column_text][\/vc_column_inner][\/vc_row_inner][vc_row_inner content_placement=\u00bbmiddle\u00bb][vc_column_inner width=\u00bb1\/2&#8243;][vc_single_image image=\u00bb141&#8243; img_size=\u00bbfull\u00bb][\/vc_column_inner][vc_column_inner width=\u00bb1\/2&#8243;][vc_column_text]<\/p>\n<h4>Tierra, viento, fuego y agua<\/h4>\n<p>Los cuatro elementos de la naturaleza representados en la pared norte del Comedor de la Trindade est\u00e1n presentes en varias religiones y tambi\u00e9n en el ritual mas\u00f3nico en varios momentos, concretamente en el 1.er Grado, en la Iniciaci\u00f3n, y tambi\u00e9n en los Grados 12.\u00ba y 29.\u00ba del Rito Escoc\u00e9s Antiguo y Aceptado. En t\u00e9rminos mas\u00f3nicos, los cuatro elementos corresponden al mismo n\u00famero de etapas de la vida. La Tierra corresponde al nacimiento y la infancia; el Aire corresponde a la juventud, caracterizada por la agitaci\u00f3n de las pasiones; el Agua, a la edad adulta, con menos obst\u00e1culos; y, por \u00faltimo, el Fuego, a la vejez, donde est\u00e1n presentes el conocimiento y la experiencia.[\/vc_column_text][\/vc_column_inner][\/vc_row_inner][vc_row_inner content_placement=\u00bbmiddle\u00bb][vc_column_inner width=\u00bb1\/2&#8243;][vc_single_image image=\u00bb140&#8243; img_size=\u00bbfull\u00bb][\/vc_column_inner][vc_column_inner width=\u00bb1\/2&#8243;][vc_column_text]<\/p>\n<h4>Industria y comercio<\/h4>\n<p>Las alegor\u00edas de la Industria y del Comercio, representadas en la pared oriental del Comedor de la Trindade, simbolizan las actividades fundamentales para el desarrollo de la sociedad y del pa\u00eds, y siempre estuvieron presentes en la ideolog\u00eda liberal, no solo a lo largo del siglo XIX, sino tambi\u00e9n en la Rep\u00fablica.[\/vc_column_text][\/vc_column_inner][\/vc_row_inner][\/vc_column][\/vc_row][vc_row content_placement=\u00bbmiddle\u00bb el_id=\u00bbclaustro\u00bb][vc_column width=\u00bb1\/2&#8243; el_class=\u00bbsala-gradient\u00bb][vc_column_text]<\/p>\n<h2>EL CLAUSTRO<\/h2>\n<h3>Del Claustro original, construido hacia 1756, se pueden ver en este patio ajardinado los arcos que compon\u00edan entonces toda la fachada norte y el comienzo de las fachadas este y oeste. Aunque representan menos de una cuarta parte del claustro original, estos restos dan una idea perfecta de su tama\u00f1o y grandeza.  Los arcos restantes est\u00e1n integrados en los edificios vecinos. Es a trav\u00e9s de las dimensiones de este Claustro, y tambi\u00e9n de las dimensiones de la Sala del Comedor, que todav\u00eda podemos sentir la escala del edificio que una vez alberg\u00f3 uno de los conventos m\u00e1s grandes e importantes de Lisboa. El trabajo en canter\u00eda de las columnas y arcos, sobrio pero amplio y elegante, atestigua tambi\u00e9n la prosperidad de la Orden durante el siglo XVIII.<\/h3>\n<p>[\/vc_column_text][\/vc_column][vc_column width=\u00bb1\/2&#8243; el_class=\u00bbsala-cinzenta\u00bb][vc_single_image image=\u00bb146&#8243; img_size=\u00bbfull\u00bb alignment=\u00bbcenter\u00bb el_class=\u00bbclaustro\u00bb][\/vc_column][\/vc_row][vc_row content_placement=\u00bbtop\u00bb el_id=\u00bbmaria-keil\u00bb][vc_column width=\u00bb1\/2&#8243; el_class=\u00bbsala-cinzenta\u00bb][vc_column_text]<\/p>\n<h2>SALA MARIA KEIL<\/h2>\n<h3>Era la antigua Iglesia del Convento y, durante unos 70 a\u00f1os, entre 1864 y 1935, fue la F\u00e1brica de Cerveza Trindade. Con el cierre de la f\u00e1brica, la sala permaneci\u00f3 desocupada durante m\u00e1s de una d\u00e9cada. En 1946, con el aumento de la demanda y en la estela del optimismo y el crecimiento de la era posterior a la Segunda Guerra Mundial, se llevaron a cabo obras de ampliaci\u00f3n y se inaugur\u00f3 esta nueva sala. Para su decoraci\u00f3n fue invitada la artista Maria Keil do Amaral. Nacida en Silves, Algarve, en 1914, Maria Keil estudi\u00f3 pintura en la Escuela Nacional de Bellas Artes de Lisboa y se cas\u00f3 con el importante arquitecto Francisco Keil do Amaral. Desarroll\u00f3 una serie de paneles de mosaico de piedra inspirados en el trabajo de calzada portuguesa, que a su vez tiene sus ra\u00edces ancestrales en los mosaicos que decoraban los suelos y paredes de las villas y templos romanos. Entre 1959 y 1972, la Sala Maria Keil se desvincul\u00f3 de la Cervecer\u00eda Trindade y se convirti\u00f3 en un restaurante independiente: Folclore, un restaurante t\u00edpico de calidad, orientado al turismo y a la promoci\u00f3n del arte popular portugu\u00e9s. En 1973, con el cierre de Folclore, la sala se reintegr\u00f3 en la Cervecer\u00eda Trindade.<\/h3>\n<h3>Trabajo naturalista en calzada portuguesa de los a\u00f1os 40 del siglo XX, estos paneles son un buen ejemplo de las corrientes art\u00edsticas decorativas de la segunda generaci\u00f3n del movimiento modernista portugu\u00e9s.<\/h3>\n<p>[\/vc_column_text][\/vc_column][vc_column width=\u00bb1\/2&#8243; el_class=\u00bbsala-branca\u00bb][vc_row_inner content_placement=\u00bbmiddle\u00bb][vc_column_inner width=\u00bb1\/2&#8243;][vc_single_image image=\u00bb150&#8243; img_size=\u00bbfull\u00bb][\/vc_column_inner][vc_column_inner width=\u00bb1\/2&#8243;][vc_single_image image=\u00bb151&#8243; img_size=\u00bbfull\u00bb][\/vc_column_inner][\/vc_row_inner][vc_row_inner content_placement=\u00bbmiddle\u00bb][vc_column_inner width=\u00bb1\/2&#8243;][vc_single_image image=\u00bb152&#8243; img_size=\u00bbfull\u00bb][\/vc_column_inner][vc_column_inner width=\u00bb1\/2&#8243;][vc_single_image image=\u00bb153&#8243; img_size=\u00bbfull\u00bb][\/vc_column_inner][\/vc_row_inner][vc_row_inner content_placement=\u00bbmiddle\u00bb][vc_column_inner width=\u00bb1\/2&#8243;][vc_single_image image=\u00bb154&#8243; img_size=\u00bbfull\u00bb][\/vc_column_inner][vc_column_inner width=\u00bb1\/2&#8243;][vc_single_image image=\u00bb155&#8243; img_size=\u00bbfull\u00bb][\/vc_column_inner][\/vc_row_inner][vc_row_inner content_placement=\u00bbmiddle\u00bb][vc_column_inner width=\u00bb1\/2&#8243;][vc_single_image image=\u00bb156&#8243; img_size=\u00bbfull\u00bb][\/vc_column_inner][vc_column_inner width=\u00bb1\/2&#8243;][vc_single_image image=\u00bb157&#8243; img_size=\u00bbfull\u00bb][\/vc_column_inner][\/vc_row_inner][\/vc_column][\/vc_row][vc_row content_placement=\u00bbmiddle\u00bb el_id=\u00bbarcos\u00bb][vc_column width=\u00bb1\/2&#8243; el_class=\u00bbsala-gradient\u00bb][vc_column_text]<\/p>\n<h2>SALA DE LOS ARCOS<\/h2>\n<h3>En esta sala se reconoce perfectamente lo que queda de la galer\u00eda norte del claustro original, reconstruido en 1756. Fue una gran reconstrucci\u00f3n, casi desde cero, tras el terremoto de 1755. Muy poco queda del edificio original del convento, inaugurado 430 a\u00f1os antes, en 1325, por la Reina Santa Isabel, casada con el Rey D. Dinis. La tradici\u00f3n popular ha conservado este dram\u00e1tico suceso en la expresi\u00f3n coloquial portuguesa de una gran calamidad \u00abCaiu o Carmo e a Trindade\u00bb (Han ca\u00eddo el Carmo y la Trindade) refiri\u00e9ndose al derrumbe de los conventos.<\/h3>\n<p>[\/vc_column_text][\/vc_column][vc_column width=\u00bb1\/2&#8243; el_class=\u00bbsala-cinzenta\u00bb][vc_single_image image=\u00bb159&#8243; img_size=\u00bbfull\u00bb alignment=\u00bbcenter\u00bb el_class=\u00bbclaustro\u00bb][\/vc_column][\/vc_row][vc_row el_class=\u00bbnewsletter-pre-footer\u00bb][vc_column][vc_column_text]<div data-post-id=\"2594\" class=\"insert-page insert-page-2594 \"><style type=\"text\/css\" data-type=\"vc_custom-css\">.bloco-newsletter {\r\n    background:#041E42;\r\n    padding:40px 55px;\r\n}\r\n\r\n.bloco-newsletter h2 {\r\n    color: #904D30;\r\n    font-size: 20px;\r\n}\r\n\r\n.bloco-newsletter p {\r\n    color: #fff;\r\n    font-size: 14px;\r\n    text-transform:uppercase;\r\n    padding-right:40px;\r\n}\r\n\r\n.bloco-newsletter input {\r\n    background: rgba(255,255,255,0.4);\r\n    border: none;\r\n    padding: 10px 25px;\r\n    border-radius: 50px;\r\n    float: left;\r\n    min-width: 60%;\r\n    color: rgba(255,255,255,.5);\r\n    text-transform: uppercase;\r\n    font-size: 14px;\r\n    letter-spacing: .05rem;\r\n}\r\n\r\n\r\n.bloco-newsletter input#mc-embedded-subscribe {\r\n    border: none;\r\n    padding: 10px 25px;\r\n    border-radius: 50px;\r\n    float: left;\r\n    margin-left: -40px;\r\n    min-width: 40%;\r\n    background: rgb(110,50,40);\r\n    background: -moz-linear-gradient(75deg, rgba(110,50,40,1) 0%, rgba(160,90,60,1) 100%);\r\n    background: -webkit-linear-gradient(75deg, rgba(110,50,40,1) 0%, rgba(160,90,60,1) 100%);\r\n    background: linear-gradient(75deg, rgba(110,50,40,1) 0%, rgba(160,90,60,1) 100%);\r\n    filter: progid:DXImageTransform.Microsoft.gradient(startColorstr=&quot;#6e3228&quot;,endColorstr=&quot;#a05a3c&quot;,GradientType=1);\r\n    color:white;\r\n}\r\n\r\n.bloco-newsletter input#mc-embedded-subscribe:hover {\r\n    background: rgb(110,50,40);\r\n    background: -moz-linear-gradient(75deg, rgba(160,90,60,1) 0%, rgba(110,50,40,1) 100%);\r\n    background: -webkit-linear-gradient(75deg, rgba(160,90,60,1) 0%, rgba(110,50,40,1) 100%);\r\n    background: linear-gradient(75deg, rgba(160,90,60,1) 0%, rgba(110,50,40,1) 100%);\r\n    filter: progid:DXImageTransform.Microsoft.gradient(startColorstr=&quot;#a05a3c&quot;,endColorstr=&quot;#6e3228&quot;,GradientType=1);\r\n    color:white;\r\n}\r\n\r\n:focus-visible {\r\n    outline: none;\r\n    background: rgba(255,255,255,0.8);\r\n}\r\n\r\n.max-width {\r\n    max-width:1440px;\r\n    margin:0 auto;\r\n}\r\n\r\n@media screen and (max-width:768px) {\r\n    .bloco-newsletter {padding:40px 30px;}\r\n    .bloco-newsletter input#mc-embedded-subscribe {\r\n    float: unset;\r\n    min-width: 100%;\r\n    margin-left: 0px;\r\n    margin-top:5px;\r\n}\r\n.bloco-newsletter input {\r\n    float: unset;\r\n    min-width: 100%;\r\n    margin-top:20px;\r\n    text-align: center;\r\n}    \r\n}\r\n\r\n.mc-field-group.input-group {\r\n    display: block;\r\n    width: 100%;\r\n    position: absolute;\r\n    bottom: -40px;\r\n}\r\n\r\ninput#mce-MMERGE6-0 {\r\n    width: 20px;\r\n    min-width: unset!important;\r\n    margin-left:20px;\r\n}\r\n\r\n.mc-field-group.input-group li {\r\n    padding-left: 0px;\r\n    font-size: 80%;\r\n    color: #cdcdcd;\r\n    font-family: &#039;colfax-web&#039;;\r\n}\r\n\r\n.mc-field-group.input-group label {\r\n    font-weight: 100;\r\n    padding-left: 10px;\r\n}\r\n\r\n::placeholder {\r\n    color: rgba(255,255,255,.5);\r\n}\r\n\r\n\r\n@media screen and (max-width:768px) {\r\n .mc-field-group.input-group {\r\n    display: block;\r\n    width: 100%;\r\n    position: absolute;\r\n    bottom: -100px;\r\n}\r\n\r\n.bloco-newsletter {\r\n    padding: 40px 30px 140px;\r\n}\r\n\r\n.mc-field-group.input-group label {\r\n    width: 80%;\r\n}\r\n\r\ninput#mce-MMERGE6-0 {\r\n    margin-top: 5px!important;\r\n    vertical-align: top;\r\n}\r\n}<\/style><div class=\"wpb-content-wrapper\"><p>[vc_row content_placement=\u00bbmiddle\u00bb el_class=\u00bbbloco-newsletter\u00bb][vc_column][vc_row_inner content_placement=\u00bbmiddle\u00bb el_class=\u00bbmax-width\u00bb][vc_column_inner width=\u00bb1\/2&#8243;][vc_column_text]<\/p>\n<h2>BOLET\u00cdN DE NOTICIAS<\/h2>\n<p>SEA EL PRIMERO EN RECIBIR NOTICIAS, EVENTOS, OFERTAS Y EXPERIENCIAS EXCLUSIVAS EN SU BANDEJA DE ENTRADA[\/vc_column_text][\/vc_column_inner][vc_column_inner width=\u00bb1\/2&#8243;][vc_raw_html]PCEtLSBCZWdpbiBNYWlsY2hpbXAgU2lnbnVwIEZvcm0gLS0+CjxkaXYgaWQ9Im1jX2VtYmVkX3NpZ251cCI+CiAgICA8Zm9ybSBhY3Rpb249Imh0dHBzOi8vY2VydmVqYXJpYXRyaW5kYWRlLnVzMTMubGlzdC1tYW5hZ2UuY29tL3N1YnNjcmliZS9wb3N0P3U9NTA4MTk3OWE0ZWI5NGZjYTI5NWMxMzY0MyZhbXA7aWQ9YzgzZjAxMWZlNyZhbXA7Zl9pZD0wMDAyNjNlMmYwIiBtZXRob2Q9InBvc3QiIGlkPSJtYy1lbWJlZGRlZC1zdWJzY3JpYmUtZm9ybSIgbmFtZT0ibWMtZW1iZWRkZWQtc3Vic2NyaWJlLWZvcm0iIGNsYXNzPSJ2YWxpZGF0ZSIgdGFyZ2V0PSJfc2VsZiI+CiAgICAgICAgPGRpdiBpZD0ibWNfZW1iZWRfc2lnbnVwX3Njcm9sbCI+CiAgICAgICAgPGRpdiBjbGFzcz0ibWMtZmllbGQtZ3JvdXAiPgo8L2xhYmVsPgoJPGlucHV0IHR5cGU9ImVtYWlsIiBwbGFjZWhvbGRlcj0iRW1haWwiIHZhbHVlPSIiIG5hbWU9IkVNQUlMIiBjbGFzcz0icmVxdWlyZWQgZW1haWwiIGlkPSJtY2UtRU1BSUwiIHJlcXVpcmVkPSIiPgoJPHNwYW4gaWQ9Im1jZS1FTUFJTC1IRUxQRVJURVhUIiBjbGFzcz0iaGVscGVyX3RleHQiPjwvc3Bhbj4KPC9kaXY+CjxkaXYgY2xhc3M9Im1jLWZpZWxkLWdyb3VwIGlucHV0LWdyb3VwIj4KICAgIDx1bD48bGk+CiAgICA8aW5wdXQgdHlwZT0icmFkaW8iIHZhbHVlPSLigKIgSGUgbGXDrWRvIHkgYWNlcHRvIGxvcyBUw6lybWlub3MgeSBDb25kaWNpb25lcyB5IGxhIFBvbMOtdGljYSBkZSBQcml2YWNpZGFkIiBuYW1lPSJNTUVSR0U2IiBpZD0ibWNlLU1NRVJHRTYtMCI+CiAgICA8bGFiZWwgZm9yPSJtY2UtTU1FUkdFNi0wIj7igKIgSGUgbGXDrWRvIHkgYWNlcHRvIGxvcyBUw6lybWlub3MgeSBDb25kaWNpb25lcyB5IGxhIFBvbMOtdGljYSBkZSBQcml2YWNpZGFkPC9sYWJlbD4KPC9saT4KPC91bD4KICAgIDxzcGFuIGlkPSJtY2UtTU1FUkdFNi1IRUxQRVJURVhUIiBjbGFzcz0iaGVscGVyX3RleHQiPjwvc3Bhbj4KPC9kaXY+CgoJPGRpdiBpZD0ibWNlLXJlc3BvbnNlcyIgY2xhc3M9ImNsZWFyIGZvb3QiPgoJCTxkaXYgY2xhc3M9InJlc3BvbnNlIiBpZD0ibWNlLWVycm9yLXJlc3BvbnNlIiBzdHlsZT0iZGlzcGxheTpub25lIj48L2Rpdj4KCQk8ZGl2IGNsYXNzPSJyZXNwb25zZSIgaWQ9Im1jZS1zdWNjZXNzLXJlc3BvbnNlIiBzdHlsZT0iZGlzcGxheTpub25lIj48L2Rpdj4KCTwvZGl2PiAgICA8IS0tIHJlYWwgcGVvcGxlIHNob3VsZCBub3QgZmlsbCB0aGlzIGluIGFuZCBleHBlY3QgZ29vZCB0aGluZ3MgLSBkbyBub3QgcmVtb3ZlIHRoaXMgb3IgcmlzayBmb3JtIGJvdCBzaWdudXBzLS0+CiAgICA8ZGl2IHN0eWxlPSJwb3NpdGlvbjogYWJzb2x1dGU7IGxlZnQ6IC01MDAwcHg7IiBhcmlhLWhpZGRlbj0idHJ1ZSI+PGlucHV0IHR5cGU9InRleHQiIG5hbWU9ImJfNTA4MTk3OWE0ZWI5NGZjYTI5NWMxMzY0M19jODNmMDExZmU3IiB0YWJpbmRleD0iLTEiIHZhbHVlPSIiPjwvZGl2PgogICAgICAgIDxkaXYgY2xhc3M9Im9wdGlvbmFsUGFyZW50Ij4KICAgICAgICAgICAgPGRpdiBjbGFzcz0iY2xlYXIgZm9vdCI+CiAgICAgICAgICAgICAgICA8aW5wdXQgdHlwZT0ic3VibWl0IiB2YWx1ZT0iU3VzY3LDrWJhc2UiIG5hbWU9InN1YnNjcmliZSIgaWQ9Im1jLWVtYmVkZGVkLXN1YnNjcmliZSIgY2xhc3M9ImJ1dHRvbiI+CiAgICAgICAgICAgIDwvZGl2PgogICAgICAgIDwvZGl2PgogICAgPC9kaXY+CjwvZm9ybT4KPC9kaXY+Cgo8IS0tRW5kIG1jX2VtYmVkX3NpZ251cC0tPg==[\/vc_raw_html][\/vc_column_inner][\/vc_row_inner][\/vc_column][\/vc_row]<\/p>\n<\/div><\/div>[\/vc_column_text][\/vc_column][\/vc_row]<\/p>\n<\/div>","protected":false},"excerpt":{"rendered":"<p>[vc_row full_height=\u00bbyes\u00bb css=\u00bb.vc_custom_1662636564238{background-image: url(https:\/\/www.cervejariatrindade.pt\/wp-content\/uploads\/2022\/09\/Sala-Keil-Anos-40-2-1.jpg?id=163) !important;background-position: center !important;background-repeat: no-repeat !important;background-size: cover !important;}\u00bb el_id=\u00bbhero\u00bb el_class=\u00bbseccao-normal\u00bb][vc_column width=\u00bb1\/4&#8243;][\/vc_column][vc_column width=\u00bb1\/2&#8243;][vc_column_text el_class=\u00bbwhite\u00bb] PASADO, HISTORIA Y GLORIA. [\/vc_column_text][vc_column_text el_class=\u00bbwhite\u00bb] Trindade es considerada la cervecer\u00eda m\u00e1s antigua y bella de Portugal. Situada en un espacio de ocho siglos de antig\u00fcedad, el Convento de la Sant\u00edsima Trinidad de los Frailes Trinitarios de la Redenci\u00f3n [&hellip;]<\/p>\n","protected":false},"author":2,"featured_media":0,"parent":0,"menu_order":0,"comment_status":"closed","ping_status":"closed","template":"","meta":{"inline_featured_image":false,"footnotes":""},"class_list":["post-2567","page","type-page","status-publish","hentry"],"yoast_head":"<!-- This site is optimized with the Yoast SEO plugin v23.7 - https:\/\/yoast.com\/wordpress\/plugins\/seo\/ -->\n<title>Trindade - Lleno de historias que contar<\/title>\n<meta name=\"description\" content=\"Situada en un espacio de ocho siglos de antig\u00fcedad, Trindade es considerada la cervecer\u00eda m\u00e1s antigua y bella de Portugal. Descubra toda su historia.\" \/>\n<meta name=\"robots\" content=\"index, follow, max-snippet:-1, max-image-preview:large, max-video-preview:-1\" \/>\n<link rel=\"canonical\" href=\"https:\/\/www.cervejariatrindade.pt\/es\/historia\/\" \/>\n<meta property=\"og:locale\" content=\"es_ES\" \/>\n<meta property=\"og:type\" content=\"article\" \/>\n<meta property=\"og:title\" content=\"Trindade - Lleno de historias que contar\" \/>\n<meta property=\"og:description\" content=\"Situada en un espacio de ocho siglos de antig\u00fcedad, Trindade es considerada la cervecer\u00eda m\u00e1s antigua y bella de Portugal. Descubra toda su historia.\" \/>\n<meta property=\"og:url\" content=\"https:\/\/www.cervejariatrindade.pt\/es\/historia\/\" \/>\n<meta property=\"og:site_name\" content=\"Cervejaria Trindade\" \/>\n<meta property=\"article:publisher\" content=\"https:\/\/www.facebook.com\/cervejariatrindade.oficial\" \/>\n<meta property=\"article:modified_time\" content=\"2023-11-20T12:07:52+00:00\" \/>\n<meta property=\"og:image\" content=\"https:\/\/www.cervejariatrindade.pt\/wp-content\/uploads\/2022\/09\/1294-300x213.jpg\" \/>\n<meta name=\"twitter:card\" content=\"summary_large_image\" \/>\n<meta name=\"twitter:label1\" content=\"Tiempo de lectura\" \/>\n\t<meta name=\"twitter:data1\" content=\"20 minutos\" \/>\n<script type=\"application\/ld+json\" class=\"yoast-schema-graph\">{\"@context\":\"https:\/\/schema.org\",\"@graph\":[{\"@type\":\"WebPage\",\"@id\":\"https:\/\/www.cervejariatrindade.pt\/es\/historia\/\",\"url\":\"https:\/\/www.cervejariatrindade.pt\/es\/historia\/\",\"name\":\"Trindade - Lleno de historias que contar\",\"isPartOf\":{\"@id\":\"https:\/\/www.cervejariatrindade.pt\/#website\"},\"primaryImageOfPage\":{\"@id\":\"https:\/\/www.cervejariatrindade.pt\/es\/historia\/#primaryimage\"},\"image\":{\"@id\":\"https:\/\/www.cervejariatrindade.pt\/es\/historia\/#primaryimage\"},\"thumbnailUrl\":\"https:\/\/www.cervejariatrindade.pt\/wp-content\/uploads\/2022\/09\/1294-300x213.jpg\",\"datePublished\":\"2022-09-01T10:27:24+00:00\",\"dateModified\":\"2023-11-20T12:07:52+00:00\",\"description\":\"Situada en un espacio de ocho siglos de antig\u00fcedad, Trindade es considerada la cervecer\u00eda m\u00e1s antigua y bella de Portugal. Descubra toda su historia.\",\"breadcrumb\":{\"@id\":\"https:\/\/www.cervejariatrindade.pt\/es\/historia\/#breadcrumb\"},\"inLanguage\":\"es\",\"potentialAction\":[{\"@type\":\"ReadAction\",\"target\":[\"https:\/\/www.cervejariatrindade.pt\/es\/historia\/\"]}]},{\"@type\":\"ImageObject\",\"inLanguage\":\"es\",\"@id\":\"https:\/\/www.cervejariatrindade.pt\/es\/historia\/#primaryimage\",\"url\":\"https:\/\/www.cervejariatrindade.pt\/wp-content\/uploads\/2022\/09\/1294-300x213.jpg\",\"contentUrl\":\"https:\/\/www.cervejariatrindade.pt\/wp-content\/uploads\/2022\/09\/1294-300x213.jpg\"},{\"@type\":\"BreadcrumbList\",\"@id\":\"https:\/\/www.cervejariatrindade.pt\/es\/historia\/#breadcrumb\",\"itemListElement\":[{\"@type\":\"ListItem\",\"position\":1,\"name\":\"In\u00edcio\",\"item\":\"https:\/\/www.cervejariatrindade.pt\/es\/\"},{\"@type\":\"ListItem\",\"position\":2,\"name\":\"HISTORIA\"}]},{\"@type\":\"WebSite\",\"@id\":\"https:\/\/www.cervejariatrindade.pt\/#website\",\"url\":\"https:\/\/www.cervejariatrindade.pt\/\",\"name\":\"Cervejaria Trindade\",\"description\":\"\",\"publisher\":{\"@id\":\"https:\/\/www.cervejariatrindade.pt\/#organization\"},\"potentialAction\":[{\"@type\":\"SearchAction\",\"target\":{\"@type\":\"EntryPoint\",\"urlTemplate\":\"https:\/\/www.cervejariatrindade.pt\/?s={search_term_string}\"},\"query-input\":{\"@type\":\"PropertyValueSpecification\",\"valueRequired\":true,\"valueName\":\"search_term_string\"}}],\"inLanguage\":\"es\"},{\"@type\":\"Organization\",\"@id\":\"https:\/\/www.cervejariatrindade.pt\/#organization\",\"name\":\"Cervejaria Trindade\",\"url\":\"https:\/\/www.cervejariatrindade.pt\/\",\"logo\":{\"@type\":\"ImageObject\",\"inLanguage\":\"es\",\"@id\":\"https:\/\/www.cervejariatrindade.pt\/#\/schema\/logo\/image\/\",\"url\":\"https:\/\/www.cervejariatrindade.pt\/wp-content\/uploads\/2022\/09\/trindade.jpg\",\"contentUrl\":\"https:\/\/www.cervejariatrindade.pt\/wp-content\/uploads\/2022\/09\/trindade.jpg\",\"width\":2027,\"height\":1101,\"caption\":\"Cervejaria Trindade\"},\"image\":{\"@id\":\"https:\/\/www.cervejariatrindade.pt\/#\/schema\/logo\/image\/\"},\"sameAs\":[\"https:\/\/www.facebook.com\/cervejariatrindade.oficial\",\"https:\/\/www.instagram.com\/acervejariatrindade\/\",\"https:\/\/www.linkedin.com\/company\/portugalia-restauracao\/\"]}]}<\/script>\n<!-- \/ Yoast SEO plugin. -->","yoast_head_json":{"title":"Trindade - Lleno de historias que contar","description":"Situada en un espacio de ocho siglos de antig\u00fcedad, Trindade es considerada la cervecer\u00eda m\u00e1s antigua y bella de Portugal. Descubra toda su historia.","robots":{"index":"index","follow":"follow","max-snippet":"max-snippet:-1","max-image-preview":"max-image-preview:large","max-video-preview":"max-video-preview:-1"},"canonical":"https:\/\/www.cervejariatrindade.pt\/es\/historia\/","og_locale":"es_ES","og_type":"article","og_title":"Trindade - Lleno de historias que contar","og_description":"Situada en un espacio de ocho siglos de antig\u00fcedad, Trindade es considerada la cervecer\u00eda m\u00e1s antigua y bella de Portugal. Descubra toda su historia.","og_url":"https:\/\/www.cervejariatrindade.pt\/es\/historia\/","og_site_name":"Cervejaria Trindade","article_publisher":"https:\/\/www.facebook.com\/cervejariatrindade.oficial","article_modified_time":"2023-11-20T12:07:52+00:00","og_image":[{"url":"https:\/\/www.cervejariatrindade.pt\/wp-content\/uploads\/2022\/09\/1294-300x213.jpg"}],"twitter_card":"summary_large_image","twitter_misc":{"Tiempo de lectura":"20 minutos"},"schema":{"@context":"https:\/\/schema.org","@graph":[{"@type":"WebPage","@id":"https:\/\/www.cervejariatrindade.pt\/es\/historia\/","url":"https:\/\/www.cervejariatrindade.pt\/es\/historia\/","name":"Trindade - Lleno de historias que contar","isPartOf":{"@id":"https:\/\/www.cervejariatrindade.pt\/#website"},"primaryImageOfPage":{"@id":"https:\/\/www.cervejariatrindade.pt\/es\/historia\/#primaryimage"},"image":{"@id":"https:\/\/www.cervejariatrindade.pt\/es\/historia\/#primaryimage"},"thumbnailUrl":"https:\/\/www.cervejariatrindade.pt\/wp-content\/uploads\/2022\/09\/1294-300x213.jpg","datePublished":"2022-09-01T10:27:24+00:00","dateModified":"2023-11-20T12:07:52+00:00","description":"Situada en un espacio de ocho siglos de antig\u00fcedad, Trindade es considerada la cervecer\u00eda m\u00e1s antigua y bella de Portugal. Descubra toda su historia.","breadcrumb":{"@id":"https:\/\/www.cervejariatrindade.pt\/es\/historia\/#breadcrumb"},"inLanguage":"es","potentialAction":[{"@type":"ReadAction","target":["https:\/\/www.cervejariatrindade.pt\/es\/historia\/"]}]},{"@type":"ImageObject","inLanguage":"es","@id":"https:\/\/www.cervejariatrindade.pt\/es\/historia\/#primaryimage","url":"https:\/\/www.cervejariatrindade.pt\/wp-content\/uploads\/2022\/09\/1294-300x213.jpg","contentUrl":"https:\/\/www.cervejariatrindade.pt\/wp-content\/uploads\/2022\/09\/1294-300x213.jpg"},{"@type":"BreadcrumbList","@id":"https:\/\/www.cervejariatrindade.pt\/es\/historia\/#breadcrumb","itemListElement":[{"@type":"ListItem","position":1,"name":"In\u00edcio","item":"https:\/\/www.cervejariatrindade.pt\/es\/"},{"@type":"ListItem","position":2,"name":"HISTORIA"}]},{"@type":"WebSite","@id":"https:\/\/www.cervejariatrindade.pt\/#website","url":"https:\/\/www.cervejariatrindade.pt\/","name":"Cervejaria Trindade","description":"","publisher":{"@id":"https:\/\/www.cervejariatrindade.pt\/#organization"},"potentialAction":[{"@type":"SearchAction","target":{"@type":"EntryPoint","urlTemplate":"https:\/\/www.cervejariatrindade.pt\/?s={search_term_string}"},"query-input":{"@type":"PropertyValueSpecification","valueRequired":true,"valueName":"search_term_string"}}],"inLanguage":"es"},{"@type":"Organization","@id":"https:\/\/www.cervejariatrindade.pt\/#organization","name":"Cervejaria Trindade","url":"https:\/\/www.cervejariatrindade.pt\/","logo":{"@type":"ImageObject","inLanguage":"es","@id":"https:\/\/www.cervejariatrindade.pt\/#\/schema\/logo\/image\/","url":"https:\/\/www.cervejariatrindade.pt\/wp-content\/uploads\/2022\/09\/trindade.jpg","contentUrl":"https:\/\/www.cervejariatrindade.pt\/wp-content\/uploads\/2022\/09\/trindade.jpg","width":2027,"height":1101,"caption":"Cervejaria Trindade"},"image":{"@id":"https:\/\/www.cervejariatrindade.pt\/#\/schema\/logo\/image\/"},"sameAs":["https:\/\/www.facebook.com\/cervejariatrindade.oficial","https:\/\/www.instagram.com\/acervejariatrindade\/","https:\/\/www.linkedin.com\/company\/portugalia-restauracao\/"]}]}},"_links":{"self":[{"href":"https:\/\/www.cervejariatrindade.pt\/es\/wp-json\/wp\/v2\/pages\/2567","targetHints":{"allow":["GET"]}}],"collection":[{"href":"https:\/\/www.cervejariatrindade.pt\/es\/wp-json\/wp\/v2\/pages"}],"about":[{"href":"https:\/\/www.cervejariatrindade.pt\/es\/wp-json\/wp\/v2\/types\/page"}],"author":[{"embeddable":true,"href":"https:\/\/www.cervejariatrindade.pt\/es\/wp-json\/wp\/v2\/users\/2"}],"replies":[{"embeddable":true,"href":"https:\/\/www.cervejariatrindade.pt\/es\/wp-json\/wp\/v2\/comments?post=2567"}],"version-history":[{"count":11,"href":"https:\/\/www.cervejariatrindade.pt\/es\/wp-json\/wp\/v2\/pages\/2567\/revisions"}],"predecessor-version":[{"id":2946,"href":"https:\/\/www.cervejariatrindade.pt\/es\/wp-json\/wp\/v2\/pages\/2567\/revisions\/2946"}],"wp:attachment":[{"href":"https:\/\/www.cervejariatrindade.pt\/es\/wp-json\/wp\/v2\/media?parent=2567"}],"curies":[{"name":"wp","href":"https:\/\/api.w.org\/{rel}","templated":true}]}}